{"id":669,"date":"2025-11-27T17:37:59","date_gmt":"2025-11-27T17:37:59","guid":{"rendered":"https:\/\/www.bjjmetz-cuvry.fr\/?page_id=669"},"modified":"2026-08-31T11:29:36","modified_gmt":"2026-08-31T11:29:36","slug":"les-coachs","status":"publish","type":"page","link":"https:\/\/www.bjjmetz-cuvry.fr\/?page_id=669","title":{"rendered":"Les coachs"},"content":{"rendered":"\t\t<div data-elementor-type=\"wp-page\" data-elementor-id=\"669\" class=\"elementor elementor-669\" data-elementor-settings=\"[]\">\n\t\t\t\t\t\t\t<div class=\"elementor-section-wrap\">\n\t\t\t\t\t\t\t<section class=\"elementor-section elementor-top-section elementor-element elementor-element-511a877c elementor-section-boxed elementor-section-height-default elementor-section-height-default\" data-id=\"511a877c\" data-element_type=\"section\">\n\t\t\t\t\t\t<div class=\"elementor-container elementor-column-gap-default\">\n\t\t\t\t\t<div class=\"elementor-column elementor-col-100 elementor-top-column elementor-element elementor-element-4f56005d\" data-id=\"4f56005d\" data-element_type=\"column\">\n\t\t\t<div class=\"elementor-widget-wrap elementor-element-populated\">\n\t\t\t\t\t\t\t\t<section class=\"elementor-section elementor-inner-section elementor-element elementor-element-72544c7 elementor-section-boxed elementor-section-height-default elementor-section-height-default\" data-id=\"72544c7\" data-element_type=\"section\">\n\t\t\t\t\t\t<div class=\"elementor-container elementor-column-gap-default\">\n\t\t\t\t\t<div class=\"elementor-column elementor-col-50 elementor-inner-column elementor-element elementor-element-0f594b6\" data-id=\"0f594b6\" data-element_type=\"column\">\n\t\t\t<div class=\"elementor-widget-wrap elementor-element-populated\">\n\t\t\t\t\t\t\t\t<div class=\"elementor-element elementor-element-278162b elementor-widget elementor-widget-image\" data-id=\"278162b\" data-element_type=\"widget\" data-widget_type=\"image.default\">\n\t\t\t\t<div class=\"elementor-widget-container\">\n\t\t\t\t\t\t\t\t\t\t\t\t\t\t\t<img loading=\"lazy\" decoding=\"async\" width=\"819\" height=\"1024\" src=\"https:\/\/www.bjjmetz-cuvry.fr\/wp-content\/uploads\/2025\/11\/BJJ-Yannick-819x1024.jpg\" class=\"attachment-large size-large\" alt=\"\" srcset=\"https:\/\/www.bjjmetz-cuvry.fr\/wp-content\/uploads\/2025\/11\/BJJ-Yannick-819x1024.jpg 819w, https:\/\/www.bjjmetz-cuvry.fr\/wp-content\/uploads\/2025\/11\/BJJ-Yannick-240x300.jpg 240w, https:\/\/www.bjjmetz-cuvry.fr\/wp-content\/uploads\/2025\/11\/BJJ-Yannick-768x960.jpg 768w, https:\/\/www.bjjmetz-cuvry.fr\/wp-content\/uploads\/2025\/11\/BJJ-Yannick.jpg 1080w\" sizes=\"auto, (max-width: 819px) 100vw, 819px\" \/>\t\t\t\t\t\t\t\t\t\t\t\t\t\t\t<\/div>\n\t\t\t\t<\/div>\n\t\t\t\t\t<\/div>\n\t\t<\/div>\n\t\t\t\t<div class=\"elementor-column elementor-col-50 elementor-inner-column elementor-element elementor-element-87b3ae8\" data-id=\"87b3ae8\" data-element_type=\"column\">\n\t\t\t<div class=\"elementor-widget-wrap elementor-element-populated\">\n\t\t\t\t\t\t\t\t<div class=\"elementor-element elementor-element-abb13a4 elementor-widget elementor-widget-text-editor\" data-id=\"abb13a4\" data-element_type=\"widget\" data-widget_type=\"text-editor.default\">\n\t\t\t\t<div class=\"elementor-widget-container\">\n\t\t\t\t\t\t\t<h2 class=\"wp-block-heading\">Yannick PEL\u00c9<\/h2><p class=\"wp-block-heading\"><strong>Ceinture noire<\/strong><\/p><p data-start=\"0\" data-end=\"241\">J\u2019ai d\u00e9couvert le Jiu Jitsu Br\u00e9silien en 2008 gr\u00e2ce au MMA, et j\u2019en suis imm\u00e9diatement tomb\u00e9 amoureux.<br data-start=\"102\" data-end=\"105\" \/>L\u2019ann\u00e9e suivante, je me suis inscrit \u00e0 Behring Jiu Jitsu Alsace \u00e0 Wintzenheim, \u00e9cole sous laquelle je suis toujours affili\u00e9 aujourd\u2019hui.<\/p><p data-start=\"243\" data-end=\"515\">\u00c0 partir de 2014, j\u2019ai commenc\u00e9 \u00e0 transmettre mes comp\u00e9tences au sein de l\u2019arm\u00e9e de terre, puis en cr\u00e9ant le club en 2018.<\/p><p data-start=\"517\" data-end=\"677\" data-is-last-node=\"\" data-is-only-node=\"\">En 2025, j\u2019ai obtenu ma ceinture noire, une \u00e9tape majeure qui r\u00e9compense des ann\u00e9es de pratique, d\u2019enseignement et de passion pour l\u2019art du Jiu Jitsu Br\u00e9silien.<\/p>\t\t\t\t\t\t<\/div>\n\t\t\t\t<\/div>\n\t\t\t\t\t<\/div>\n\t\t<\/div>\n\t\t\t\t\t\t\t<\/div>\n\t\t<\/section>\n\t\t\t\t<div class=\"elementor-element elementor-element-29b16df2 elementor-widget elementor-widget-text-editor\" data-id=\"29b16df2\" data-element_type=\"widget\" data-widget_type=\"text-editor.default\">\n\t\t\t\t<div class=\"elementor-widget-container\">\n\t\t\t\t\t\t\t\t\t\t\t\t\t<\/div>\n\t\t\t\t<\/div>\n\t\t\t\t<section class=\"elementor-section elementor-inner-section elementor-element elementor-element-9958cf3 elementor-section-boxed elementor-section-height-default elementor-section-height-default\" data-id=\"9958cf3\" data-element_type=\"section\">\n\t\t\t\t\t\t<div class=\"elementor-container elementor-column-gap-default\">\n\t\t\t\t\t<div class=\"elementor-column elementor-col-50 elementor-inner-column elementor-element elementor-element-7c69ab9\" data-id=\"7c69ab9\" data-element_type=\"column\">\n\t\t\t<div class=\"elementor-widget-wrap elementor-element-populated\">\n\t\t\t\t\t\t\t\t<div class=\"elementor-element elementor-element-de5ae68 elementor-widget elementor-widget-image\" data-id=\"de5ae68\" data-element_type=\"widget\" data-widget_type=\"image.default\">\n\t\t\t\t<div class=\"elementor-widget-container\">\n\t\t\t\t\t\t\t\t\t\t\t\t\t\t\t<img loading=\"lazy\" decoding=\"async\" width=\"819\" height=\"1024\" src=\"https:\/\/www.bjjmetz-cuvry.fr\/wp-content\/uploads\/2025\/11\/BJJ-Melike-819x1024.jpg\" class=\"attachment-large size-large\" alt=\"\" srcset=\"https:\/\/www.bjjmetz-cuvry.fr\/wp-content\/uploads\/2025\/11\/BJJ-Melike-819x1024.jpg 819w, https:\/\/www.bjjmetz-cuvry.fr\/wp-content\/uploads\/2025\/11\/BJJ-Melike-240x300.jpg 240w, https:\/\/www.bjjmetz-cuvry.fr\/wp-content\/uploads\/2025\/11\/BJJ-Melike-768x960.jpg 768w, https:\/\/www.bjjmetz-cuvry.fr\/wp-content\/uploads\/2025\/11\/BJJ-Melike.jpg 1080w\" sizes=\"auto, (max-width: 819px) 100vw, 819px\" \/>\t\t\t\t\t\t\t\t\t\t\t\t\t\t\t<\/div>\n\t\t\t\t<\/div>\n\t\t\t\t\t<\/div>\n\t\t<\/div>\n\t\t\t\t<div class=\"elementor-column elementor-col-50 elementor-inner-column elementor-element elementor-element-796a493\" data-id=\"796a493\" data-element_type=\"column\">\n\t\t\t<div class=\"elementor-widget-wrap elementor-element-populated\">\n\t\t\t\t\t\t\t\t<div class=\"elementor-element elementor-element-0f23bbf elementor-widget elementor-widget-text-editor\" data-id=\"0f23bbf\" data-element_type=\"widget\" data-widget_type=\"text-editor.default\">\n\t\t\t\t<div class=\"elementor-widget-container\">\n\t\t\t\t\t\t\t<h2><strong>Melike AGANSOY CLUZEL<\/strong><\/h2><p><strong>Ceinture noire<\/strong><\/p><p data-start=\"64\" data-end=\"274\">Je suis Melike, premi\u00e8re femme ceinture noire de JJB en Turquie. Depuis 2012, je concoure \u00e0 l\u2019international et ai remport\u00e9 des titres \u00e0 Paris, Ath\u00e8nes, Rome et Munich.<\/p><p data-start=\"276\" data-end=\"558\">Au-del\u00e0 du sport, je m\u2019int\u00e9resse \u00e0 la philosophie du combat et \u00e0 l\u2019esth\u00e9tique du mouvement, en repensant le corps, la force et la f\u00e9minit\u00e9. J\u2019enseigne la self-d\u00e9fense avec une approche sensible au traumatisme et milite pour une pratique martiale accessible, consciente et durable.<\/p>\t\t\t\t\t\t<\/div>\n\t\t\t\t<\/div>\n\t\t\t\t\t<\/div>\n\t\t<\/div>\n\t\t\t\t\t\t\t<\/div>\n\t\t<\/section>\n\t\t\t\t<section class=\"elementor-section elementor-inner-section elementor-element elementor-element-5afd960 elementor-section-boxed elementor-section-height-default elementor-section-height-default\" data-id=\"5afd960\" data-element_type=\"section\">\n\t\t\t\t\t\t<div class=\"elementor-container elementor-column-gap-default\">\n\t\t\t\t\t<div class=\"elementor-column elementor-col-50 elementor-inner-column elementor-element elementor-element-6af0848\" data-id=\"6af0848\" data-element_type=\"column\">\n\t\t\t<div class=\"elementor-widget-wrap elementor-element-populated\">\n\t\t\t\t\t\t\t\t<div class=\"elementor-element elementor-element-0505268 elementor-widget elementor-widget-image\" data-id=\"0505268\" data-element_type=\"widget\" data-widget_type=\"image.default\">\n\t\t\t\t<div class=\"elementor-widget-container\">\n\t\t\t\t\t\t\t\t\t\t\t\t\t\t\t\t<a href=\"http:\/\/www.bjjmetz-cuvry.fr\/wp-content\/uploads\/2026\/08\/WhatsApp-Image-2026-08-12-at-11.42.40.jpeg\" data-elementor-open-lightbox=\"no\">\n\t\t\t\t\t\t\t<img loading=\"lazy\" decoding=\"async\" width=\"683\" height=\"1024\" src=\"https:\/\/www.bjjmetz-cuvry.fr\/wp-content\/uploads\/2026\/08\/WhatsApp-Image-2026-08-12-at-11.42.40-683x1024.jpeg\" class=\"attachment-large size-large\" alt=\"\" srcset=\"https:\/\/www.bjjmetz-cuvry.fr\/wp-content\/uploads\/2026\/08\/WhatsApp-Image-2026-08-12-at-11.42.40-683x1024.jpeg 683w, https:\/\/www.bjjmetz-cuvry.fr\/wp-content\/uploads\/2026\/08\/WhatsApp-Image-2026-08-12-at-11.42.40-200x300.jpeg 200w, https:\/\/www.bjjmetz-cuvry.fr\/wp-content\/uploads\/2026\/08\/WhatsApp-Image-2026-08-12-at-11.42.40-768x1152.jpeg 768w, https:\/\/www.bjjmetz-cuvry.fr\/wp-content\/uploads\/2026\/08\/WhatsApp-Image-2026-08-12-at-11.42.40.jpeg 1024w\" sizes=\"auto, (max-width: 683px) 100vw, 683px\" \/>\t\t\t\t\t\t\t\t<\/a>\n\t\t\t\t\t\t\t\t\t\t\t\t\t\t\t<\/div>\n\t\t\t\t<\/div>\n\t\t\t\t\t<\/div>\n\t\t<\/div>\n\t\t\t\t<div class=\"elementor-column elementor-col-50 elementor-inner-column elementor-element elementor-element-a51bbb2\" data-id=\"a51bbb2\" data-element_type=\"column\">\n\t\t\t<div class=\"elementor-widget-wrap elementor-element-populated\">\n\t\t\t\t\t\t\t\t<div class=\"elementor-element elementor-element-e6fef65 elementor-widget elementor-widget-text-editor\" data-id=\"e6fef65\" data-element_type=\"widget\" data-widget_type=\"text-editor.default\">\n\t\t\t\t<div class=\"elementor-widget-container\">\n\t\t\t\t\t\t\t<h2>Roman SZNEPKA<\/h2>\n<p><strong>Ceinture noire<\/strong><\/p>\n<p>J\u2019ai d\u00e9but\u00e9 la pratique du jiujitsu br\u00e9silien fin 2014, j\u2019ai commenc\u00e9 \u00e0 donner des cours courant 2019 et je suis devenu instructeur dipl\u00f4m\u00e9 en Septembre 2022.&nbsp;<\/p>\n<p>Ma philosophie sur ce sport c\u2019est : Amuses toi ! Tu n\u2019es pas l\u00e0 pour te prendre la t\u00eate mais pour \u00e9vacuer le stress que tu rencontres dans la vie de tous les jours. Tu es \u00e9galement l\u00e0 pour apprendre de nouvelles connaissances et d\u00e9velopper de comp\u00e9tences qui te permettront de construire ton propre jiu-jitsu ce qui t\u2019aidera \u00e0 mieux g\u00e9rer tes \u00e9motions face \u00e0 la difficult\u00e9 et surmonter les obstacles que tu peux rencontrer. Au final, c\u2019est r\u00e9ussir \u00e0 se sentir \u00e0 l\u2019aise dans les situations inconfortables \ud83e\udd19\ud83c\udffc<\/p>\t\t\t\t\t\t<\/div>\n\t\t\t\t<\/div>\n\t\t\t\t\t<\/div>\n\t\t<\/div>\n\t\t\t\t\t\t\t<\/div>\n\t\t<\/section>\n\t\t\t\t<section class=\"elementor-section elementor-inner-section elementor-element elementor-element-ed755a7 elementor-section-boxed elementor-section-height-default elementor-section-height-default\" data-id=\"ed755a7\" data-element_type=\"section\">\n\t\t\t\t\t\t<div class=\"elementor-container elementor-column-gap-default\">\n\t\t\t\t\t<div class=\"elementor-column elementor-col-50 elementor-inner-column elementor-element elementor-element-c4f8e23\" data-id=\"c4f8e23\" data-element_type=\"column\">\n\t\t\t<div class=\"elementor-widget-wrap elementor-element-populated\">\n\t\t\t\t\t\t\t\t<div class=\"elementor-element elementor-element-34a7f02 elementor-widget elementor-widget-image\" data-id=\"34a7f02\" data-element_type=\"widget\" data-widget_type=\"image.default\">\n\t\t\t\t<div class=\"elementor-widget-container\">\n\t\t\t\t\t\t\t\t\t\t\t\t\t\t\t<img loading=\"lazy\" decoding=\"async\" width=\"819\" height=\"1024\" src=\"https:\/\/www.bjjmetz-cuvry.fr\/wp-content\/uploads\/2025\/11\/BJJ-Leo-819x1024.jpg\" class=\"attachment-large size-large\" alt=\"\" srcset=\"https:\/\/www.bjjmetz-cuvry.fr\/wp-content\/uploads\/2025\/11\/BJJ-Leo-819x1024.jpg 819w, https:\/\/www.bjjmetz-cuvry.fr\/wp-content\/uploads\/2025\/11\/BJJ-Leo-240x300.jpg 240w, https:\/\/www.bjjmetz-cuvry.fr\/wp-content\/uploads\/2025\/11\/BJJ-Leo-768x960.jpg 768w, https:\/\/www.bjjmetz-cuvry.fr\/wp-content\/uploads\/2025\/11\/BJJ-Leo.jpg 1080w\" sizes=\"auto, (max-width: 819px) 100vw, 819px\" \/>\t\t\t\t\t\t\t\t\t\t\t\t\t\t\t<\/div>\n\t\t\t\t<\/div>\n\t\t\t\t\t<\/div>\n\t\t<\/div>\n\t\t\t\t<div class=\"elementor-column elementor-col-50 elementor-inner-column elementor-element elementor-element-e3aa719\" data-id=\"e3aa719\" data-element_type=\"column\">\n\t\t\t<div class=\"elementor-widget-wrap elementor-element-populated\">\n\t\t\t\t\t\t\t\t<div class=\"elementor-element elementor-element-5b96371 elementor-widget elementor-widget-text-editor\" data-id=\"5b96371\" data-element_type=\"widget\" data-widget_type=\"text-editor.default\">\n\t\t\t\t<div class=\"elementor-widget-container\">\n\t\t\t\t\t\t\t<h2><strong>Leo PEGUY<\/strong><\/h2><p><strong>Ceinture violette<\/strong><\/p><p>J\u2019ai rejoint le club peu de temps apr\u00e8s sa cr\u00e9ation en 2018 et je me suis progressivement investi de plus en plus.<\/p><p>Apr\u00e8s avoir pass\u00e9 mon dipl\u00f4me d\u2019instructeur en 2024, j\u2019ai commenc\u00e9 \u00e0 partager mes connaissances et mon approche de la discipline. Je m\u2019adapte aux gens \u00e0 qui j\u2019enseigne, pour proposer des entra\u00eenements ludiques et techniques o\u00f9 chacun peut y trouver son compte.<\/p><p>Je suis \u00e9galement comp\u00e9titeur et je j&rsquo;accompagne r\u00e9guli\u00e8rement nos combattants lors des championnats.<\/p>\t\t\t\t\t\t<\/div>\n\t\t\t\t<\/div>\n\t\t\t\t\t<\/div>\n\t\t<\/div>\n\t\t\t\t\t\t\t<\/div>\n\t\t<\/section>\n\t\t\t\t<section class=\"elementor-section elementor-inner-section elementor-element elementor-element-5f2e023 elementor-section-boxed elementor-section-height-default elementor-section-height-default\" data-id=\"5f2e023\" data-element_type=\"section\">\n\t\t\t\t\t\t<div class=\"elementor-container elementor-column-gap-default\">\n\t\t\t\t\t<div class=\"elementor-column elementor-col-50 elementor-inner-column elementor-element elementor-element-994e4c8\" data-id=\"994e4c8\" data-element_type=\"column\">\n\t\t\t<div class=\"elementor-widget-wrap elementor-element-populated\">\n\t\t\t\t\t\t\t\t<div class=\"elementor-element elementor-element-cfde6de elementor-widget elementor-widget-image\" data-id=\"cfde6de\" data-element_type=\"widget\" data-widget_type=\"image.default\">\n\t\t\t\t<div class=\"elementor-widget-container\">\n\t\t\t\t\t\t\t\t\t\t\t\t\t\t\t<img loading=\"lazy\" decoding=\"async\" width=\"819\" height=\"1024\" src=\"https:\/\/www.bjjmetz-cuvry.fr\/wp-content\/uploads\/2025\/12\/BJJ-Yacine-819x1024.jpg\" class=\"attachment-large size-large\" alt=\"\" srcset=\"https:\/\/www.bjjmetz-cuvry.fr\/wp-content\/uploads\/2025\/12\/BJJ-Yacine-819x1024.jpg 819w, https:\/\/www.bjjmetz-cuvry.fr\/wp-content\/uploads\/2025\/12\/BJJ-Yacine-240x300.jpg 240w, https:\/\/www.bjjmetz-cuvry.fr\/wp-content\/uploads\/2025\/12\/BJJ-Yacine-768x960.jpg 768w, https:\/\/www.bjjmetz-cuvry.fr\/wp-content\/uploads\/2025\/12\/BJJ-Yacine.jpg 1080w\" sizes=\"auto, (max-width: 819px) 100vw, 819px\" \/>\t\t\t\t\t\t\t\t\t\t\t\t\t\t\t<\/div>\n\t\t\t\t<\/div>\n\t\t\t\t\t<\/div>\n\t\t<\/div>\n\t\t\t\t<div class=\"elementor-column elementor-col-50 elementor-inner-column elementor-element elementor-element-5a545b3\" data-id=\"5a545b3\" data-element_type=\"column\">\n\t\t\t<div class=\"elementor-widget-wrap elementor-element-populated\">\n\t\t\t\t\t\t\t\t<div class=\"elementor-element elementor-element-d58c8bd elementor-widget elementor-widget-text-editor\" data-id=\"d58c8bd\" data-element_type=\"widget\" data-widget_type=\"text-editor.default\">\n\t\t\t\t<div class=\"elementor-widget-container\">\n\t\t\t\t\t\t\t<h2><strong>Yacine PEREIRA<\/strong><\/h2><p><strong>Ceinture bleue<\/strong><\/p><p>Yacine, pratiquant de Jiu-Jitsu Br\u00e9silien depuis la rentr\u00e9e 2021, j\u2019ai obtenu ma ceinture bleue en 2024.<\/p><p>Passionn\u00e9 par la discipline et l\u2019envie de transmettre, j\u2019ai valid\u00e9 en 2025 le Certificat d\u2019Animateur F\u00e9d\u00e9ral (CAF), me permettant de prendre<span style=\"font-size: 15px;\">\u00a0en charge aussi bien les cours adultes que les cours enfants. Mon approche repose sur la progression technique, le respect et la bonne ambiance sur les tatamis. Que vous soyiez d\u00e9butant ou d\u00e9j\u00e0 initi\u00e9, l\u2019objectif est de vous faire \u00e9voluer \u00e0 votre rythme dans un cadre d\u2019entra\u00eenement s\u00e9curisant, motivant et adapt\u00e9 \u00e0 chaque \u00e2ge.<\/span><\/p>\t\t\t\t\t\t<\/div>\n\t\t\t\t<\/div>\n\t\t\t\t\t<\/div>\n\t\t<\/div>\n\t\t\t\t\t\t\t<\/div>\n\t\t<\/section>\n\t\t\t\t<section class=\"elementor-section elementor-inner-section elementor-element elementor-element-5445409 elementor-section-boxed elementor-section-height-default elementor-section-height-default\" data-id=\"5445409\" data-element_type=\"section\">\n\t\t\t\t\t\t<div class=\"elementor-container elementor-column-gap-default\">\n\t\t\t\t\t<div class=\"elementor-column elementor-col-50 elementor-inner-column elementor-element elementor-element-60a38a5\" data-id=\"60a38a5\" data-element_type=\"column\">\n\t\t\t<div class=\"elementor-widget-wrap elementor-element-populated\">\n\t\t\t\t\t\t\t\t<div class=\"elementor-element elementor-element-928679d elementor-widget elementor-widget-image\" data-id=\"928679d\" data-element_type=\"widget\" data-widget_type=\"image.default\">\n\t\t\t\t<div class=\"elementor-widget-container\">\n\t\t\t\t\t\t\t\t\t\t\t\t\t\t\t<img loading=\"lazy\" decoding=\"async\" width=\"819\" height=\"1024\" src=\"https:\/\/www.bjjmetz-cuvry.fr\/wp-content\/uploads\/2025\/11\/BJJ-Nico-819x1024.jpg\" class=\"attachment-large size-large\" alt=\"\" srcset=\"https:\/\/www.bjjmetz-cuvry.fr\/wp-content\/uploads\/2025\/11\/BJJ-Nico-819x1024.jpg 819w, https:\/\/www.bjjmetz-cuvry.fr\/wp-content\/uploads\/2025\/11\/BJJ-Nico-240x300.jpg 240w, https:\/\/www.bjjmetz-cuvry.fr\/wp-content\/uploads\/2025\/11\/BJJ-Nico-768x960.jpg 768w, https:\/\/www.bjjmetz-cuvry.fr\/wp-content\/uploads\/2025\/11\/BJJ-Nico.jpg 1080w\" sizes=\"auto, (max-width: 819px) 100vw, 819px\" \/>\t\t\t\t\t\t\t\t\t\t\t\t\t\t\t<\/div>\n\t\t\t\t<\/div>\n\t\t\t\t\t<\/div>\n\t\t<\/div>\n\t\t\t\t<div class=\"elementor-column elementor-col-50 elementor-inner-column elementor-element elementor-element-1fd5ca5\" data-id=\"1fd5ca5\" data-element_type=\"column\">\n\t\t\t<div class=\"elementor-widget-wrap elementor-element-populated\">\n\t\t\t\t\t\t\t\t<div class=\"elementor-element elementor-element-c07de69 elementor-widget elementor-widget-text-editor\" data-id=\"c07de69\" data-element_type=\"widget\" data-widget_type=\"text-editor.default\">\n\t\t\t\t<div class=\"elementor-widget-container\">\n\t\t\t\t\t\t\t<h2><strong>Nicolas LANG<\/strong><\/h2><p><strong>Ceinture bleue<\/strong><\/p><p>Instructeur de jiu-jitsu br\u00e9silien depuis deux ans et pratiquant depuis six ans, j\u2019enseigne avec passion et simplicit\u00e9.<\/p><p>\u00c0 46 ans, titulaire de la ceinture bleue, je me concentre avant tout sur la progression technique, la compr\u00e9hension du jeu au sol et le plaisir d\u2019apprendre.<\/p>\t\t\t\t\t\t<\/div>\n\t\t\t\t<\/div>\n\t\t\t\t\t<\/div>\n\t\t<\/div>\n\t\t\t\t\t\t\t<\/div>\n\t\t<\/section>\n\t\t\t\t\t<\/div>\n\t\t<\/div>\n\t\t\t\t\t\t\t<\/div>\n\t\t<\/section>\n\t\t\t\t\t\t<\/div>\n\t\t\t\t\t<\/div>\n\t\t","protected":false},"excerpt":{"rendered":"<p>Yannick PEL\u00c9 Ceinture noire J\u2019ai d\u00e9couvert le Jiu Jitsu Br\u00e9silien en 2008 gr\u00e2ce au MMA, et j\u2019en suis imm\u00e9diatement tomb\u00e9 amoureux.L\u2019ann\u00e9e suivante, je me suis inscrit \u00e0 Behring Jiu Jitsu Alsace \u00e0 Wintzenheim, \u00e9cole sous laquelle je suis toujours affili\u00e9 aujourd\u2019hui. \u00c0 partir de 2014, j\u2019ai commenc\u00e9 \u00e0 transmettre mes comp\u00e9tences au sein de l\u2019arm\u00e9e [&hellip;]<\/p>\n","protected":false},"author":2,"featured_media":0,"parent":0,"menu_order":0,"comment_status":"closed","ping_status":"closed","template":"","meta":{"footnotes":""},"class_list":["post-669","page","type-page","status-publish","hentry","entry"],"_links":{"self":[{"href":"https:\/\/www.bjjmetz-cuvry.fr\/index.php?rest_route=\/wp\/v2\/pages\/669","targetHints":{"allow":["GET"]}}],"collection":[{"href":"https:\/\/www.bjjmetz-cuvry.fr\/index.php?rest_route=\/wp\/v2\/pages"}],"about":[{"href":"https:\/\/www.bjjmetz-cuvry.fr\/index.php?rest_route=\/wp\/v2\/types\/page"}],"author":[{"embeddable":true,"href":"https:\/\/www.bjjmetz-cuvry.fr\/index.php?rest_route=\/wp\/v2\/users\/2"}],"replies":[{"embeddable":true,"href":"https:\/\/www.bjjmetz-cuvry.fr\/index.php?rest_route=%2Fwp%2Fv2%2Fcomments&post=669"}],"version-history":[{"count":71,"href":"https:\/\/www.bjjmetz-cuvry.fr\/index.php?rest_route=\/wp\/v2\/pages\/669\/revisions"}],"predecessor-version":[{"id":807,"href":"https:\/\/www.bjjmetz-cuvry.fr\/index.php?rest_route=\/wp\/v2\/pages\/669\/revisions\/807"}],"wp:attachment":[{"href":"https:\/\/www.bjjmetz-cuvry.fr\/index.php?rest_route=%2Fwp%2Fv2%2Fmedia&parent=669"}],"curies":[{"name":"wp","href":"https:\/\/api.w.org\/{rel}","templated":true}]}}